{"version":"1.0","provider_name":"Veranda &amp; Garden","provider_url":"http:\/\/verandagarden.nl\/fr\/","author_name":"adminveranda","author_url":"http:\/\/verandagarden.nl\/fr\/author\/adminveranda\/","title":"Fa\u00e7ades et parois coulissantes en verre - Veranda &amp; Garden","type":"rich","width":600,"height":338,"html":"<blockquote class=\"wp-embedded-content\" data-secret=\"gALYYdKXSt\"><a href=\"http:\/\/verandagarden.nl\/fr\/facades-et-parois-coulissantes-en-verre\/\">Fa\u00e7ades et parois coulissantes en verre<\/a><\/blockquote><iframe sandbox=\"allow-scripts\" security=\"restricted\" src=\"http:\/\/verandagarden.nl\/fr\/facades-et-parois-coulissantes-en-verre\/embed\/#?secret=gALYYdKXSt\" width=\"600\" height=\"338\" title=\"\u00ab\u00a0Fa\u00e7ades et parois coulissantes en verre\u00a0\u00bb &#8212; Veranda &amp; Garden\" data-secret=\"gALYYdKXSt\" frameborder=\"0\" marginwidth=\"0\" marginheight=\"0\" scrolling=\"no\" class=\"wp-embedded-content\"><\/iframe><script>\n\/*! This file is auto-generated *\/\n!function(d,l){\"use strict\";l.querySelector&&d.addEventListener&&\"undefined\"!=typeof URL&&(d.wp=d.wp||{},d.wp.receiveEmbedMessage||(d.wp.receiveEmbedMessage=function(e){var t=e.data;if((t||t.secret||t.message||t.value)&&!\/[^a-zA-Z0-9]\/.test(t.secret)){for(var s,r,n,a=l.querySelectorAll('iframe[data-secret=\"'+t.secret+'\"]'),o=l.querySelectorAll('blockquote[data-secret=\"'+t.secret+'\"]'),c=new RegExp(\"^https?:$\",\"i\"),i=0;i<o.length;i++)o[i].style.display=\"none\";for(i=0;i<a.length;i++)s=a[i],e.source===s.contentWindow&&(s.removeAttribute(\"style\"),\"height\"===t.message?(1e3<(r=parseInt(t.value,10))?r=1e3:~~r<200&&(r=200),s.height=r):\"link\"===t.message&&(r=new URL(s.getAttribute(\"src\")),n=new URL(t.value),c.test(n.protocol))&&n.host===r.host&&l.activeElement===s&&(d.top.location.href=t.value))}},d.addEventListener(\"message\",d.wp.receiveEmbedMessage,!1),l.addEventListener(\"DOMContentLoaded\",function(){for(var e,t,s=l.querySelectorAll(\"iframe.wp-embedded-content\"),r=0;r<s.length;r++)(t=(e=s[r]).getAttribute(\"data-secret\"))||(t=Math.random().toString(36).substring(2,12),e.src+=\"#?secret=\"+t,e.setAttribute(\"data-secret\",t)),e.contentWindow.postMessage({message:\"ready\",secret:t},\"*\")},!1)))}(window,document);\n\/\/# sourceURL=http:\/\/verandagarden.nl\/wp-includes\/js\/wp-embed.min.js\n<\/script>\n","thumbnail_url":"https:\/\/verandagarden.nl\/wp-content\/uploads\/2021\/09\/shutterstock_475440925-scaled.jpg","thumbnail_width":2560,"thumbnail_height":1707,"description":"Profitez encore plus de votre jardin ou de votre balcon ! Agr\u00e9able \u00e0 l&#8217;abri du vent et du soleil. Avec les fa\u00e7ades en verre et les parois coulissantes en verre de Veranda Garden, vous pouvez cr\u00e9er votre propre endroit abrit\u00e9, prot\u00e9g\u00e9 du vent et des intemp\u00e9ries. A l&#8217;abri du vent, profitez pleinement de la vue [&hellip;]"}